{"id":73762,"date":"2021-11-25T14:11:46","date_gmt":"2021-11-25T13:11:46","guid":{"rendered":"https:\/\/www.uhl-menu.com\/produkt\/fogo-alakja\/"},"modified":"2021-11-25T14:11:46","modified_gmt":"2021-11-25T13:11:46","slug":"fogo-alakja","status":"publish","type":"product","link":"https:\/\/www.uhl-menu.com\/hu\/produkt\/fogo-alakja\/","title":{"rendered":"Fog\u00f3 alakja"},"content":{"rendered":"<p>Ez a k\u00e1rtya \u00f6tv\u00f6zi a n\u00e9pszer\u0171, fekv\u0151 form\u00e1tum\u00fa szor\u00edt\u00f3k\u00e1rtya funkcionalit\u00e1s\u00e1t az egyedi, enyh\u00e9n \u00edvelt form\u00e1j\u00fa k\u00e1rty\u00e1val: gyors \u00e9s egyszer\u0171 v\u00e1lt\u00e1s, valamint dinamikus, modern design. Az \u00edvelt k\u00e1rtya h\u00e1tulj\u00e1ba egy szor\u00edt\u00f3s\u00edn van be\u00e9p\u00edtve, amely az egyes men\u00fcoldalakat a hely\u00e9n tartja. Az oldalm\u00e9ret szabadon v\u00e1laszthat\u00f3.  <\/p>\n<p>A Klemm-Shape kiz\u00e1r\u00f3lag kiv\u00e1l\u00f3 min\u0151s\u00e9g\u0171 v\u00e1szon, szintetikus, m\u0171- vagy val\u00f3di b\u0151rb\u0151l k\u00e9sz\u00fclt anyagokkal kaphat\u00f3. Minden fel\u00fclet v\u00edz- \u00e9s zs\u00edrtasz\u00edt\u00f3, valamint UV-\u00e1ll\u00f3. <\/p>\n","protected":false},"excerpt":{"rendered":"<p>Ez a k\u00e1rtya \u00f6tv\u00f6zi a n\u00e9pszer\u0171, fekv\u0151 form\u00e1tum\u00fa szor\u00edt\u00f3k\u00e1rtya funkcionalit\u00e1s\u00e1t az egyedi, enyh\u00e9n \u00edvelt form\u00e1j\u00fa k\u00e1rty\u00e1val: gyors \u00e9s egyszer\u0171 v\u00e1lt\u00e1s, valamint dinamikus, modern design. Az \u00edvelt k\u00e1rtya h\u00e1tulj\u00e1ba egy szor\u00edt\u00f3s\u00edn van be\u00e9p\u00edtve, amely az egyes men\u00fcoldalakat a hely\u00e9n tartja. Az oldalm\u00e9ret szabadon v\u00e1laszthat\u00f3. A Klemm-Shape kiz\u00e1r\u00f3lag kiv\u00e1l\u00f3 min\u0151s\u00e9g\u0171 v\u00e1szon, szintetikus, m\u0171- vagy val\u00f3di b\u0151rb\u0151l k\u00e9sz\u00fclt [&hellip;]<\/p>\n","protected":false},"featured_media":73847,"template":"","meta":{"_acf_changed":false},"product_brand":[],"product_cat":[1498,1514,1511,1509,1512,1520,1519,1516,1513,1501,1500],"product_tag":[],"class_list":{"0":"post-73762","1":"product","2":"type-product","3":"status-publish","4":"has-post-thumbnail","6":"product_cat-borkinalat","7":"product_cat-borutanzat","8":"product_cat-erzeketlen-a-zsirra","9":"product_cat-kemenyfedeles","10":"product_cat-menuek","11":"product_cat-rugalmas","12":"product_cat-rugalmas-oldalszam","13":"product_cat-szintetizator-anyag","14":"product_cat-valodi-bor","15":"product_cat-vaszon","16":"product_cat-vizlepergeto","17":"pa_format-l-11x11x30-hu","18":"pa_format-m-11x11x21-hu","19":"pa_format-s-11x11x15-hu","20":"tm-has-options","22":"first","23":"instock","24":"taxable","25":"shipping-taxable","26":"purchasable","27":"product-type-variable"},"acf":[],"yoast_head":"<!-- This site is optimized with the Yoast SEO plugin v26.0 - https:\/\/yoast.com\/wordpress\/plugins\/seo\/ -->\n<title>Fog\u00f3 alakja \u00bb G\u00f6rbe burkolat, bel\u00fcl fesz\u00edt\u0151 s\u00ednnel - menu de Uhl<\/title>\n<meta name=\"robots\" content=\"index, follow, max-snippet:-1, max-image-preview:large, max-video-preview:-1\" \/>\n<link rel=\"canonical\" href=\"https:\/\/www.uhl-menu.com\/hu\/produkt\/fogo-alakja\/\" \/>\n<meta property=\"og:locale\" content=\"hu_HU\" \/>\n<meta property=\"og:type\" content=\"article\" \/>\n<meta property=\"og:title\" content=\"Fog\u00f3 alakja \u00bb G\u00f6rbe burkolat, bel\u00fcl fesz\u00edt\u0151 s\u00ednnel - menu de Uhl\" \/>\n<meta property=\"og:description\" content=\"Ez a k\u00e1rtya \u00f6tv\u00f6zi a n\u00e9pszer\u0171, fekv\u0151 form\u00e1tum\u00fa szor\u00edt\u00f3k\u00e1rtya funkcionalit\u00e1s\u00e1t az egyedi, enyh\u00e9n \u00edvelt form\u00e1j\u00fa k\u00e1rty\u00e1val: gyors \u00e9s egyszer\u0171 v\u00e1lt\u00e1s, valamint dinamikus, modern design. Az \u00edvelt k\u00e1rtya h\u00e1tulj\u00e1ba egy szor\u00edt\u00f3s\u00edn van be\u00e9p\u00edtve, amely az egyes men\u00fcoldalakat a hely\u00e9n tartja. Az oldalm\u00e9ret szabadon v\u00e1laszthat\u00f3. A Klemm-Shape kiz\u00e1r\u00f3lag kiv\u00e1l\u00f3 min\u0151s\u00e9g\u0171 v\u00e1szon, szintetikus, m\u0171- vagy val\u00f3di b\u0151rb\u0151l k\u00e9sz\u00fclt [&hellip;]\" \/>\n<meta property=\"og:url\" content=\"https:\/\/www.uhl-menu.com\/hu\/produkt\/fogo-alakja\/\" \/>\n<meta property=\"og:site_name\" content=\"menu de Uhl\" \/>\n<meta property=\"article:publisher\" content=\"https:\/\/www.facebook.com\/uhlspeisekarten\" \/>\n<meta property=\"og:image\" content=\"https:\/\/www.uhl-menu.com\/wp-content\/uploads\/klemm-shape-gebogener-umschlag-mit-klemmschiene-innen.png\" \/>\n\t<meta property=\"og:image:width\" content=\"1600\" \/>\n\t<meta property=\"og:image:height\" content=\"1125\" \/>\n\t<meta property=\"og:image:type\" content=\"image\/png\" \/>\n<meta name=\"twitter:card\" content=\"summary_large_image\" \/>\n<meta name=\"twitter:label1\" content=\"Becs\u00fclt olvas\u00e1si id\u0151\" \/>\n\t<meta name=\"twitter:data1\" content=\"1 perc\" \/>\n<script type=\"application\/ld+json\" class=\"yoast-schema-graph\">{\"@context\":\"https:\/\/schema.org\",\"@graph\":[{\"@type\":\"WebPage\",\"@id\":\"https:\/\/www.uhl-menu.com\/hu\/produkt\/fogo-alakja\/\",\"url\":\"https:\/\/www.uhl-menu.com\/hu\/produkt\/fogo-alakja\/\",\"name\":\"Fog\u00f3 alakja \u00bb G\u00f6rbe burkolat, bel\u00fcl fesz\u00edt\u0151 s\u00ednnel - menu de Uhl\",\"isPartOf\":{\"@id\":\"https:\/\/www.uhl-menu.com\/hu\/#website\"},\"primaryImageOfPage\":{\"@id\":\"https:\/\/www.uhl-menu.com\/hu\/produkt\/fogo-alakja\/#primaryimage\"},\"image\":{\"@id\":\"https:\/\/www.uhl-menu.com\/hu\/produkt\/fogo-alakja\/#primaryimage\"},\"thumbnailUrl\":\"https:\/\/www.uhl-menu.com\/wp-content\/uploads\/klemm-shape-gebogener-umschlag-mit-klemmschiene-innen.png\",\"datePublished\":\"2021-11-25T13:11:46+00:00\",\"breadcrumb\":{\"@id\":\"https:\/\/www.uhl-menu.com\/hu\/produkt\/fogo-alakja\/#breadcrumb\"},\"inLanguage\":\"hu\",\"potentialAction\":[{\"@type\":\"ReadAction\",\"target\":[\"https:\/\/www.uhl-menu.com\/hu\/produkt\/fogo-alakja\/\"]}]},{\"@type\":\"ImageObject\",\"inLanguage\":\"hu\",\"@id\":\"https:\/\/www.uhl-menu.com\/hu\/produkt\/fogo-alakja\/#primaryimage\",\"url\":\"https:\/\/www.uhl-menu.com\/wp-content\/uploads\/klemm-shape-gebogener-umschlag-mit-klemmschiene-innen.png\",\"contentUrl\":\"https:\/\/www.uhl-menu.com\/wp-content\/uploads\/klemm-shape-gebogener-umschlag-mit-klemmschiene-innen.png\",\"width\":1600,\"height\":1125,\"caption\":\"Klemmkarte im Querformat f\u00fcr Bars und Gastro: Modell Klemm-Shape\"},{\"@type\":\"BreadcrumbList\",\"@id\":\"https:\/\/www.uhl-menu.com\/hu\/produkt\/fogo-alakja\/#breadcrumb\",\"itemListElement\":[{\"@type\":\"ListItem\",\"position\":1,\"name\":\"Startseite\",\"item\":\"https:\/\/www.uhl-menu.com\/hu\/\"},{\"@type\":\"ListItem\",\"position\":2,\"name\":\"Bolt\",\"item\":\"https:\/\/www.uhl-menu.com\/hu\/bolt\/\"},{\"@type\":\"ListItem\",\"position\":3,\"name\":\"Fog\u00f3 alakja\"}]},{\"@type\":\"WebSite\",\"@id\":\"https:\/\/www.uhl-menu.com\/hu\/#website\",\"url\":\"https:\/\/www.uhl-menu.com\/hu\/\",\"name\":\"menu de Uhl\",\"description\":\"e fabricant de menus UHL, fond\u00e9 en 1982, s&#039;est donn\u00e9 d\u00e8s ses d\u00e9buts pour mission de se sp\u00e9cialiser dans les menus et les cartes des vins.\",\"publisher\":{\"@id\":\"https:\/\/www.uhl-menu.com\/hu\/#organization\"},\"potentialAction\":[{\"@type\":\"SearchAction\",\"target\":{\"@type\":\"EntryPoint\",\"urlTemplate\":\"https:\/\/www.uhl-menu.com\/hu\/?s={search_term_string}\"},\"query-input\":{\"@type\":\"PropertyValueSpecification\",\"valueRequired\":true,\"valueName\":\"search_term_string\"}}],\"inLanguage\":\"hu\"},{\"@type\":\"Organization\",\"@id\":\"https:\/\/www.uhl-menu.com\/hu\/#organization\",\"name\":\"menu de Uhl\",\"url\":\"https:\/\/www.uhl-menu.com\/hu\/\",\"logo\":{\"@type\":\"ImageObject\",\"inLanguage\":\"hu\",\"@id\":\"https:\/\/www.uhl-menu.com\/hu\/#\/schema\/logo\/image\/\",\"url\":\"https:\/\/www.uhl-menu.com\/wp-content\/uploads\/uhl-logo.png\",\"contentUrl\":\"https:\/\/www.uhl-menu.com\/wp-content\/uploads\/uhl-logo.png\",\"width\":66,\"height\":41,\"caption\":\"menu de Uhl\"},\"image\":{\"@id\":\"https:\/\/www.uhl-menu.com\/hu\/#\/schema\/logo\/image\/\"},\"sameAs\":[\"https:\/\/www.facebook.com\/uhlspeisekarten\",\"https:\/\/www.youtube.com\/channel\/UCz6fCHDC_EvIaFfibirEF8A\/videos\"]}]}<\/script>\n<!-- \/ Yoast SEO plugin. -->","yoast_head_json":{"title":"Fog\u00f3 alakja \u00bb G\u00f6rbe burkolat, bel\u00fcl fesz\u00edt\u0151 s\u00ednnel - menu de Uhl","robots":{"index":"index","follow":"follow","max-snippet":"max-snippet:-1","max-image-preview":"max-image-preview:large","max-video-preview":"max-video-preview:-1"},"canonical":"https:\/\/www.uhl-menu.com\/hu\/produkt\/fogo-alakja\/","og_locale":"hu_HU","og_type":"article","og_title":"Fog\u00f3 alakja \u00bb G\u00f6rbe burkolat, bel\u00fcl fesz\u00edt\u0151 s\u00ednnel - menu de Uhl","og_description":"Ez a k\u00e1rtya \u00f6tv\u00f6zi a n\u00e9pszer\u0171, fekv\u0151 form\u00e1tum\u00fa szor\u00edt\u00f3k\u00e1rtya funkcionalit\u00e1s\u00e1t az egyedi, enyh\u00e9n \u00edvelt form\u00e1j\u00fa k\u00e1rty\u00e1val: gyors \u00e9s egyszer\u0171 v\u00e1lt\u00e1s, valamint dinamikus, modern design. Az \u00edvelt k\u00e1rtya h\u00e1tulj\u00e1ba egy szor\u00edt\u00f3s\u00edn van be\u00e9p\u00edtve, amely az egyes men\u00fcoldalakat a hely\u00e9n tartja. Az oldalm\u00e9ret szabadon v\u00e1laszthat\u00f3. A Klemm-Shape kiz\u00e1r\u00f3lag kiv\u00e1l\u00f3 min\u0151s\u00e9g\u0171 v\u00e1szon, szintetikus, m\u0171- vagy val\u00f3di b\u0151rb\u0151l k\u00e9sz\u00fclt [&hellip;]","og_url":"https:\/\/www.uhl-menu.com\/hu\/produkt\/fogo-alakja\/","og_site_name":"menu de Uhl","article_publisher":"https:\/\/www.facebook.com\/uhlspeisekarten","og_image":[{"width":1600,"height":1125,"url":"https:\/\/www.uhl-menu.com\/wp-content\/uploads\/klemm-shape-gebogener-umschlag-mit-klemmschiene-innen.png","type":"image\/png"}],"twitter_card":"summary_large_image","twitter_misc":{"Becs\u00fclt olvas\u00e1si id\u0151":"1 perc"},"schema":{"@context":"https:\/\/schema.org","@graph":[{"@type":"WebPage","@id":"https:\/\/www.uhl-menu.com\/hu\/produkt\/fogo-alakja\/","url":"https:\/\/www.uhl-menu.com\/hu\/produkt\/fogo-alakja\/","name":"Fog\u00f3 alakja \u00bb G\u00f6rbe burkolat, bel\u00fcl fesz\u00edt\u0151 s\u00ednnel - menu de Uhl","isPartOf":{"@id":"https:\/\/www.uhl-menu.com\/hu\/#website"},"primaryImageOfPage":{"@id":"https:\/\/www.uhl-menu.com\/hu\/produkt\/fogo-alakja\/#primaryimage"},"image":{"@id":"https:\/\/www.uhl-menu.com\/hu\/produkt\/fogo-alakja\/#primaryimage"},"thumbnailUrl":"https:\/\/www.uhl-menu.com\/wp-content\/uploads\/klemm-shape-gebogener-umschlag-mit-klemmschiene-innen.png","datePublished":"2021-11-25T13:11:46+00:00","breadcrumb":{"@id":"https:\/\/www.uhl-menu.com\/hu\/produkt\/fogo-alakja\/#breadcrumb"},"inLanguage":"hu","potentialAction":[{"@type":"ReadAction","target":["https:\/\/www.uhl-menu.com\/hu\/produkt\/fogo-alakja\/"]}]},{"@type":"ImageObject","inLanguage":"hu","@id":"https:\/\/www.uhl-menu.com\/hu\/produkt\/fogo-alakja\/#primaryimage","url":"https:\/\/www.uhl-menu.com\/wp-content\/uploads\/klemm-shape-gebogener-umschlag-mit-klemmschiene-innen.png","contentUrl":"https:\/\/www.uhl-menu.com\/wp-content\/uploads\/klemm-shape-gebogener-umschlag-mit-klemmschiene-innen.png","width":1600,"height":1125,"caption":"Klemmkarte im Querformat f\u00fcr Bars und Gastro: Modell Klemm-Shape"},{"@type":"BreadcrumbList","@id":"https:\/\/www.uhl-menu.com\/hu\/produkt\/fogo-alakja\/#breadcrumb","itemListElement":[{"@type":"ListItem","position":1,"name":"Startseite","item":"https:\/\/www.uhl-menu.com\/hu\/"},{"@type":"ListItem","position":2,"name":"Bolt","item":"https:\/\/www.uhl-menu.com\/hu\/bolt\/"},{"@type":"ListItem","position":3,"name":"Fog\u00f3 alakja"}]},{"@type":"WebSite","@id":"https:\/\/www.uhl-menu.com\/hu\/#website","url":"https:\/\/www.uhl-menu.com\/hu\/","name":"menu de Uhl","description":"e fabricant de menus UHL, fond\u00e9 en 1982, s&#039;est donn\u00e9 d\u00e8s ses d\u00e9buts pour mission de se sp\u00e9cialiser dans les menus et les cartes des vins.","publisher":{"@id":"https:\/\/www.uhl-menu.com\/hu\/#organization"},"potentialAction":[{"@type":"SearchAction","target":{"@type":"EntryPoint","urlTemplate":"https:\/\/www.uhl-menu.com\/hu\/?s={search_term_string}"},"query-input":{"@type":"PropertyValueSpecification","valueRequired":true,"valueName":"search_term_string"}}],"inLanguage":"hu"},{"@type":"Organization","@id":"https:\/\/www.uhl-menu.com\/hu\/#organization","name":"menu de Uhl","url":"https:\/\/www.uhl-menu.com\/hu\/","logo":{"@type":"ImageObject","inLanguage":"hu","@id":"https:\/\/www.uhl-menu.com\/hu\/#\/schema\/logo\/image\/","url":"https:\/\/www.uhl-menu.com\/wp-content\/uploads\/uhl-logo.png","contentUrl":"https:\/\/www.uhl-menu.com\/wp-content\/uploads\/uhl-logo.png","width":66,"height":41,"caption":"menu de Uhl"},"image":{"@id":"https:\/\/www.uhl-menu.com\/hu\/#\/schema\/logo\/image\/"},"sameAs":["https:\/\/www.facebook.com\/uhlspeisekarten","https:\/\/www.youtube.com\/channel\/UCz6fCHDC_EvIaFfibirEF8A\/videos"]}]}},"_links":{"self":[{"href":"https:\/\/www.uhl-menu.com\/hu\/wp-json\/wp\/v2\/product\/73762","targetHints":{"allow":["GET"]}}],"collection":[{"href":"https:\/\/www.uhl-menu.com\/hu\/wp-json\/wp\/v2\/product"}],"about":[{"href":"https:\/\/www.uhl-menu.com\/hu\/wp-json\/wp\/v2\/types\/product"}],"wp:featuredmedia":[{"embeddable":true,"href":"https:\/\/www.uhl-menu.com\/hu\/wp-json\/wp\/v2\/media\/73847"}],"wp:attachment":[{"href":"https:\/\/www.uhl-menu.com\/hu\/wp-json\/wp\/v2\/media?parent=73762"}],"wp:term":[{"taxonomy":"product_brand","embeddable":true,"href":"https:\/\/www.uhl-menu.com\/hu\/wp-json\/wp\/v2\/product_brand?post=73762"},{"taxonomy":"product_cat","embeddable":true,"href":"https:\/\/www.uhl-menu.com\/hu\/wp-json\/wp\/v2\/product_cat?post=73762"},{"taxonomy":"product_tag","embeddable":true,"href":"https:\/\/www.uhl-menu.com\/hu\/wp-json\/wp\/v2\/product_tag?post=73762"}],"curies":[{"name":"wp","href":"https:\/\/api.w.org\/{rel}","templated":true}]}}