{"id":86210,"date":"2021-11-25T16:22:24","date_gmt":"2021-11-25T15:22:24","guid":{"rendered":"https:\/\/www.uhl-menu.com\/produkt\/modelo-individual-invoice-folder\/"},"modified":"2021-11-25T16:22:24","modified_gmt":"2021-11-25T15:22:24","slug":"modelo-individual-invoice-folder","status":"publish","type":"product","link":"https:\/\/www.uhl-menu.com\/pt-pt\/produkt\/modelo-individual-invoice-folder\/","title":{"rendered":"Modelo Individual Invoice Folder"},"content":{"rendered":"<p>Finalize a experi\u00eancia dos seus clientes com eleg\u00e2ncia atrav\u00e9s da pasta personalizada Individual Invoice Folder da UHL. A qualidade distintamente superior ao toque e o design personalizado representam o seu espa\u00e7o uma \u00faltima vez, proporcionando uma sensa\u00e7\u00e3o agrad\u00e1vel no momento da despedida. <\/p>\n<p>No interior, podem ser integradas abas ou bolsos individuais em linho preto, de acordo com as suas necessidades. A disposi\u00e7\u00e3o e as dimens\u00f5es s\u00e3o definidas por si. Mediante pedido, pode ser aplicada uma aba el\u00e1stica na margem exterior direita para suporte de esferogr\u00e1fica. A prote\u00e7\u00e3o de canto est\u00e1 dispon\u00edvel em dourado ou prateado, sendo tamb\u00e9m poss\u00edvel optar pela vers\u00e3o sem prote\u00e7\u00e3o.   <strong><br \/>\n<\/strong><br \/>\nA capa dura robusta, com dorso refor\u00e7ado e margens fechadas, torna as nossas pastas particularmente resistentes a influ\u00eancias externas. O revestimento em material de alta qualidade confere \u00e0 pasta propriedades resistentes \u00e0 \u00e1gua e \u00e0 gordura. <\/p>\n","protected":false},"excerpt":{"rendered":"<p>Finalize a experi\u00eancia dos seus clientes com eleg\u00e2ncia atrav\u00e9s da pasta personalizada Individual Invoice Folder da UHL. A qualidade distintamente superior ao toque e o design personalizado representam o seu espa\u00e7o uma \u00faltima vez, proporcionando uma sensa\u00e7\u00e3o agrad\u00e1vel no momento da despedida. No interior, podem ser integradas abas ou bolsos individuais em linho preto, de [&hellip;]<\/p>\n","protected":false},"featured_media":86216,"template":"","meta":{"_acf_changed":false},"product_brand":[],"product_cat":[1678,1708,1691,1710,1741,1707,1680,1679],"product_tag":[],"class_list":{"0":"post-86210","1":"product","2":"type-product","3":"status-publish","4":"has-post-thumbnail","6":"product_cat-capa-dura","7":"product_cat-imitacao-de-pele","8":"product_cat-linho","9":"product_cat-material-sintetico","10":"product_cat-pastas-para-faturas","11":"product_cat-pele-genuina","12":"product_cat-repelente-a-agua","13":"product_cat-resistente-a-gordura","14":"pa_format-l-11x11x30-pt-pt","15":"pa_format-m-11x11x21-pt-pt","16":"pa_format-s-11x11x15-pt-pt","17":"tm-has-options","19":"first","20":"instock","21":"taxable","22":"shipping-taxable","23":"purchasable","24":"product-type-variable"},"acf":[],"yoast_head":"<!-- This site is optimized with the Yoast SEO plugin v26.0 - https:\/\/yoast.com\/wordpress\/plugins\/seo\/ -->\n<title>Modelo Individual Invoice Folder \u00bb Pasta para conta com personaliza\u00e7\u00e3o vari\u00e1vel - menu de Uhl<\/title>\n<meta name=\"robots\" content=\"index, follow, max-snippet:-1, max-image-preview:large, max-video-preview:-1\" \/>\n<link rel=\"canonical\" href=\"https:\/\/www.uhl-menu.com\/pt-pt\/produkt\/modelo-individual-invoice-folder\/\" \/>\n<meta property=\"og:locale\" content=\"pt_PT\" \/>\n<meta property=\"og:type\" content=\"article\" \/>\n<meta property=\"og:title\" content=\"Modelo Individual Invoice Folder \u00bb Pasta para conta com personaliza\u00e7\u00e3o vari\u00e1vel - menu de Uhl\" \/>\n<meta property=\"og:description\" content=\"Finalize a experi\u00eancia dos seus clientes com eleg\u00e2ncia atrav\u00e9s da pasta personalizada Individual Invoice Folder da UHL. A qualidade distintamente superior ao toque e o design personalizado representam o seu espa\u00e7o uma \u00faltima vez, proporcionando uma sensa\u00e7\u00e3o agrad\u00e1vel no momento da despedida. No interior, podem ser integradas abas ou bolsos individuais em linho preto, de [&hellip;]\" \/>\n<meta property=\"og:url\" content=\"https:\/\/www.uhl-menu.com\/pt-pt\/produkt\/modelo-individual-invoice-folder\/\" \/>\n<meta property=\"og:site_name\" content=\"menu de Uhl\" \/>\n<meta property=\"article:publisher\" content=\"https:\/\/www.facebook.com\/uhlspeisekarten\" \/>\n<meta property=\"og:image\" content=\"https:\/\/www.uhl-menu.com\/wp-content\/uploads\/rechnungsmappe-individuell-gestaltbare-mappe-fuer-rechnungen.png\" \/>\n\t<meta property=\"og:image:width\" content=\"1600\" \/>\n\t<meta property=\"og:image:height\" content=\"1125\" \/>\n\t<meta property=\"og:image:type\" content=\"image\/png\" \/>\n<meta name=\"twitter:card\" content=\"summary_large_image\" \/>\n<meta name=\"twitter:label1\" content=\"Tempo estimado de leitura\" \/>\n\t<meta name=\"twitter:data1\" content=\"1 minuto\" \/>\n<script type=\"application\/ld+json\" class=\"yoast-schema-graph\">{\"@context\":\"https:\/\/schema.org\",\"@graph\":[{\"@type\":\"WebPage\",\"@id\":\"https:\/\/www.uhl-menu.com\/pt-pt\/produkt\/modelo-individual-invoice-folder\/\",\"url\":\"https:\/\/www.uhl-menu.com\/pt-pt\/produkt\/modelo-individual-invoice-folder\/\",\"name\":\"Modelo Individual Invoice Folder \u00bb Pasta para conta com personaliza\u00e7\u00e3o vari\u00e1vel - menu de Uhl\",\"isPartOf\":{\"@id\":\"https:\/\/www.uhl-menu.com\/pt-pt\/#website\"},\"primaryImageOfPage\":{\"@id\":\"https:\/\/www.uhl-menu.com\/pt-pt\/produkt\/modelo-individual-invoice-folder\/#primaryimage\"},\"image\":{\"@id\":\"https:\/\/www.uhl-menu.com\/pt-pt\/produkt\/modelo-individual-invoice-folder\/#primaryimage\"},\"thumbnailUrl\":\"https:\/\/www.uhl-menu.com\/wp-content\/uploads\/rechnungsmappe-individuell-gestaltbare-mappe-fuer-rechnungen.png\",\"datePublished\":\"2021-11-25T15:22:24+00:00\",\"breadcrumb\":{\"@id\":\"https:\/\/www.uhl-menu.com\/pt-pt\/produkt\/modelo-individual-invoice-folder\/#breadcrumb\"},\"inLanguage\":\"pt-PT\",\"potentialAction\":[{\"@type\":\"ReadAction\",\"target\":[\"https:\/\/www.uhl-menu.com\/pt-pt\/produkt\/modelo-individual-invoice-folder\/\"]}]},{\"@type\":\"ImageObject\",\"inLanguage\":\"pt-PT\",\"@id\":\"https:\/\/www.uhl-menu.com\/pt-pt\/produkt\/modelo-individual-invoice-folder\/#primaryimage\",\"url\":\"https:\/\/www.uhl-menu.com\/wp-content\/uploads\/rechnungsmappe-individuell-gestaltbare-mappe-fuer-rechnungen.png\",\"contentUrl\":\"https:\/\/www.uhl-menu.com\/wp-content\/uploads\/rechnungsmappe-individuell-gestaltbare-mappe-fuer-rechnungen.png\",\"width\":1600,\"height\":1125,\"caption\":\"Create your own invoice folders: Individual invoice folder model from Uhl Menu\"},{\"@type\":\"BreadcrumbList\",\"@id\":\"https:\/\/www.uhl-menu.com\/pt-pt\/produkt\/modelo-individual-invoice-folder\/#breadcrumb\",\"itemListElement\":[{\"@type\":\"ListItem\",\"position\":1,\"name\":\"Startseite\",\"item\":\"https:\/\/www.uhl-menu.com\/pt-pt\/pagina-inicial\/\"},{\"@type\":\"ListItem\",\"position\":2,\"name\":\"Loja\",\"item\":\"https:\/\/www.uhl-menu.com\/pt-pt\/loja\/\"},{\"@type\":\"ListItem\",\"position\":3,\"name\":\"Modelo Individual Invoice Folder\"}]},{\"@type\":\"WebSite\",\"@id\":\"https:\/\/www.uhl-menu.com\/pt-pt\/#website\",\"url\":\"https:\/\/www.uhl-menu.com\/pt-pt\/\",\"name\":\"menu de Uhl\",\"description\":\"e fabricant de menus UHL, fond\u00e9 en 1982, s&#039;est donn\u00e9 d\u00e8s ses d\u00e9buts pour mission de se sp\u00e9cialiser dans les menus et les cartes des vins.\",\"publisher\":{\"@id\":\"https:\/\/www.uhl-menu.com\/pt-pt\/#organization\"},\"potentialAction\":[{\"@type\":\"SearchAction\",\"target\":{\"@type\":\"EntryPoint\",\"urlTemplate\":\"https:\/\/www.uhl-menu.com\/pt-pt\/?s={search_term_string}\"},\"query-input\":{\"@type\":\"PropertyValueSpecification\",\"valueRequired\":true,\"valueName\":\"search_term_string\"}}],\"inLanguage\":\"pt-PT\"},{\"@type\":\"Organization\",\"@id\":\"https:\/\/www.uhl-menu.com\/pt-pt\/#organization\",\"name\":\"menu de Uhl\",\"url\":\"https:\/\/www.uhl-menu.com\/pt-pt\/\",\"logo\":{\"@type\":\"ImageObject\",\"inLanguage\":\"pt-PT\",\"@id\":\"https:\/\/www.uhl-menu.com\/pt-pt\/#\/schema\/logo\/image\/\",\"url\":\"https:\/\/www.uhl-menu.com\/wp-content\/uploads\/uhl-logo.png\",\"contentUrl\":\"https:\/\/www.uhl-menu.com\/wp-content\/uploads\/uhl-logo.png\",\"width\":66,\"height\":41,\"caption\":\"menu de Uhl\"},\"image\":{\"@id\":\"https:\/\/www.uhl-menu.com\/pt-pt\/#\/schema\/logo\/image\/\"},\"sameAs\":[\"https:\/\/www.facebook.com\/uhlspeisekarten\",\"https:\/\/www.youtube.com\/channel\/UCz6fCHDC_EvIaFfibirEF8A\/videos\"]}]}<\/script>\n<!-- \/ Yoast SEO plugin. -->","yoast_head_json":{"title":"Modelo Individual Invoice Folder \u00bb Pasta para conta com personaliza\u00e7\u00e3o vari\u00e1vel - menu de Uhl","robots":{"index":"index","follow":"follow","max-snippet":"max-snippet:-1","max-image-preview":"max-image-preview:large","max-video-preview":"max-video-preview:-1"},"canonical":"https:\/\/www.uhl-menu.com\/pt-pt\/produkt\/modelo-individual-invoice-folder\/","og_locale":"pt_PT","og_type":"article","og_title":"Modelo Individual Invoice Folder \u00bb Pasta para conta com personaliza\u00e7\u00e3o vari\u00e1vel - menu de Uhl","og_description":"Finalize a experi\u00eancia dos seus clientes com eleg\u00e2ncia atrav\u00e9s da pasta personalizada Individual Invoice Folder da UHL. A qualidade distintamente superior ao toque e o design personalizado representam o seu espa\u00e7o uma \u00faltima vez, proporcionando uma sensa\u00e7\u00e3o agrad\u00e1vel no momento da despedida. No interior, podem ser integradas abas ou bolsos individuais em linho preto, de [&hellip;]","og_url":"https:\/\/www.uhl-menu.com\/pt-pt\/produkt\/modelo-individual-invoice-folder\/","og_site_name":"menu de Uhl","article_publisher":"https:\/\/www.facebook.com\/uhlspeisekarten","og_image":[{"width":1600,"height":1125,"url":"https:\/\/www.uhl-menu.com\/wp-content\/uploads\/rechnungsmappe-individuell-gestaltbare-mappe-fuer-rechnungen.png","type":"image\/png"}],"twitter_card":"summary_large_image","twitter_misc":{"Tempo estimado de leitura":"1 minuto"},"schema":{"@context":"https:\/\/schema.org","@graph":[{"@type":"WebPage","@id":"https:\/\/www.uhl-menu.com\/pt-pt\/produkt\/modelo-individual-invoice-folder\/","url":"https:\/\/www.uhl-menu.com\/pt-pt\/produkt\/modelo-individual-invoice-folder\/","name":"Modelo Individual Invoice Folder \u00bb Pasta para conta com personaliza\u00e7\u00e3o vari\u00e1vel - menu de Uhl","isPartOf":{"@id":"https:\/\/www.uhl-menu.com\/pt-pt\/#website"},"primaryImageOfPage":{"@id":"https:\/\/www.uhl-menu.com\/pt-pt\/produkt\/modelo-individual-invoice-folder\/#primaryimage"},"image":{"@id":"https:\/\/www.uhl-menu.com\/pt-pt\/produkt\/modelo-individual-invoice-folder\/#primaryimage"},"thumbnailUrl":"https:\/\/www.uhl-menu.com\/wp-content\/uploads\/rechnungsmappe-individuell-gestaltbare-mappe-fuer-rechnungen.png","datePublished":"2021-11-25T15:22:24+00:00","breadcrumb":{"@id":"https:\/\/www.uhl-menu.com\/pt-pt\/produkt\/modelo-individual-invoice-folder\/#breadcrumb"},"inLanguage":"pt-PT","potentialAction":[{"@type":"ReadAction","target":["https:\/\/www.uhl-menu.com\/pt-pt\/produkt\/modelo-individual-invoice-folder\/"]}]},{"@type":"ImageObject","inLanguage":"pt-PT","@id":"https:\/\/www.uhl-menu.com\/pt-pt\/produkt\/modelo-individual-invoice-folder\/#primaryimage","url":"https:\/\/www.uhl-menu.com\/wp-content\/uploads\/rechnungsmappe-individuell-gestaltbare-mappe-fuer-rechnungen.png","contentUrl":"https:\/\/www.uhl-menu.com\/wp-content\/uploads\/rechnungsmappe-individuell-gestaltbare-mappe-fuer-rechnungen.png","width":1600,"height":1125,"caption":"Create your own invoice folders: Individual invoice folder model from Uhl Menu"},{"@type":"BreadcrumbList","@id":"https:\/\/www.uhl-menu.com\/pt-pt\/produkt\/modelo-individual-invoice-folder\/#breadcrumb","itemListElement":[{"@type":"ListItem","position":1,"name":"Startseite","item":"https:\/\/www.uhl-menu.com\/pt-pt\/pagina-inicial\/"},{"@type":"ListItem","position":2,"name":"Loja","item":"https:\/\/www.uhl-menu.com\/pt-pt\/loja\/"},{"@type":"ListItem","position":3,"name":"Modelo Individual Invoice Folder"}]},{"@type":"WebSite","@id":"https:\/\/www.uhl-menu.com\/pt-pt\/#website","url":"https:\/\/www.uhl-menu.com\/pt-pt\/","name":"menu de Uhl","description":"e fabricant de menus UHL, fond\u00e9 en 1982, s&#039;est donn\u00e9 d\u00e8s ses d\u00e9buts pour mission de se sp\u00e9cialiser dans les menus et les cartes des vins.","publisher":{"@id":"https:\/\/www.uhl-menu.com\/pt-pt\/#organization"},"potentialAction":[{"@type":"SearchAction","target":{"@type":"EntryPoint","urlTemplate":"https:\/\/www.uhl-menu.com\/pt-pt\/?s={search_term_string}"},"query-input":{"@type":"PropertyValueSpecification","valueRequired":true,"valueName":"search_term_string"}}],"inLanguage":"pt-PT"},{"@type":"Organization","@id":"https:\/\/www.uhl-menu.com\/pt-pt\/#organization","name":"menu de Uhl","url":"https:\/\/www.uhl-menu.com\/pt-pt\/","logo":{"@type":"ImageObject","inLanguage":"pt-PT","@id":"https:\/\/www.uhl-menu.com\/pt-pt\/#\/schema\/logo\/image\/","url":"https:\/\/www.uhl-menu.com\/wp-content\/uploads\/uhl-logo.png","contentUrl":"https:\/\/www.uhl-menu.com\/wp-content\/uploads\/uhl-logo.png","width":66,"height":41,"caption":"menu de Uhl"},"image":{"@id":"https:\/\/www.uhl-menu.com\/pt-pt\/#\/schema\/logo\/image\/"},"sameAs":["https:\/\/www.facebook.com\/uhlspeisekarten","https:\/\/www.youtube.com\/channel\/UCz6fCHDC_EvIaFfibirEF8A\/videos"]}]}},"_links":{"self":[{"href":"https:\/\/www.uhl-menu.com\/pt-pt\/wp-json\/wp\/v2\/product\/86210","targetHints":{"allow":["GET"]}}],"collection":[{"href":"https:\/\/www.uhl-menu.com\/pt-pt\/wp-json\/wp\/v2\/product"}],"about":[{"href":"https:\/\/www.uhl-menu.com\/pt-pt\/wp-json\/wp\/v2\/types\/product"}],"wp:featuredmedia":[{"embeddable":true,"href":"https:\/\/www.uhl-menu.com\/pt-pt\/wp-json\/wp\/v2\/media\/86216"}],"wp:attachment":[{"href":"https:\/\/www.uhl-menu.com\/pt-pt\/wp-json\/wp\/v2\/media?parent=86210"}],"wp:term":[{"taxonomy":"product_brand","embeddable":true,"href":"https:\/\/www.uhl-menu.com\/pt-pt\/wp-json\/wp\/v2\/product_brand?post=86210"},{"taxonomy":"product_cat","embeddable":true,"href":"https:\/\/www.uhl-menu.com\/pt-pt\/wp-json\/wp\/v2\/product_cat?post=86210"},{"taxonomy":"product_tag","embeddable":true,"href":"https:\/\/www.uhl-menu.com\/pt-pt\/wp-json\/wp\/v2\/product_tag?post=86210"}],"curies":[{"name":"wp","href":"https:\/\/api.w.org\/{rel}","templated":true}]}}